{"id":2905,"date":"2022-08-09T17:23:03","date_gmt":"2022-08-09T15:23:03","guid":{"rendered":"https:\/\/www.npkrka.hr\/?page_id=2905"},"modified":"2022-08-09T17:23:41","modified_gmt":"2022-08-09T15:23:41","slug":"strogo-zasticene-vrste","status":"publish","type":"page","link":"https:\/\/npkrka.hr\/hr\/prirodna-bastina\/biljni-svijet-parka\/strogo-zasticene-vrste\/","title":{"rendered":"Strogo za\u0161ti\u0107ene vrste"},"content":{"rendered":"<p><strong>Vi\u0161e od sto vrsta i podvrsta zabilje\u017eenih u Parku ima neki od statusa ugro\u017eenosti prema IUCN-u. <\/strong><\/p>\n<p>Me\u0111u ugro\u017eenim svojtama prevladavaju biljke vodenih, mo\u010dvarnih i vla\u017enih stani\u0161ta, dok su ugro\u017eene svojte orhideja (Orchidaceae) uglavnom vezane za suha otvorena stani\u0161ta kao \u0161to su kamenjarski travnjaci.<\/p>\n<p>Jedna od strogo za\u0161ti\u0107enih vrsta, koja ima status kriti\u010dno ugro\u017eene (CR), je rigasta bekmanija (<em>Beckmannia eruciformis<\/em>), \u010diji je nalaz u NP \u201eKrka\u201c jedini u Hrvatskoj. Valja istaknuti i strogo za\u0161ti\u0107eni vi\u0161esjemeni \u017eabo\u010dun (<em>Damasonium polyspermum<\/em>), koji je unutar Parka prona\u0111en samo na jednom lokalitetu.<\/p>\n<div class=\"fotorama rounded-lg  shadow lblue-bg mt-5   \" data-width=\"100%\" data-ratio=\"16\/10\"  data-nav=\"thumbs\" data-autoplay=\"true\" data-arrows=\"true\" data-transition=\"crossfade\"><img decoding=\"async\" src=\"https:\/\/npkrka.hr\/wp-content\/uploads\/Strogo-zasticene-vrste-Ophrys-x-flavicans-zuckasta-kokica-scaled.jpg\" width=\"100%\" \/><img decoding=\"async\" src=\"https:\/\/npkrka.hr\/wp-content\/uploads\/Strogo-zasticene-vrste-Damasonium-1-ja-scaled.jpg\" width=\"100%\" \/><img decoding=\"async\" src=\"https:\/\/npkrka.hr\/wp-content\/uploads\/Strogo-zasticene-vrste-ilirski-kozlinac-Astragalus-m.-illyricus.jpg\" width=\"100%\" \/><img decoding=\"async\" src=\"https:\/\/npkrka.hr\/wp-content\/uploads\/Strogo-zasticene-vrste-Delphinium-staphisagria-2-sredozemni-veliki-kokotic-scaled.jpg\" width=\"100%\" \/><img decoding=\"async\" src=\"https:\/\/npkrka.hr\/wp-content\/uploads\/Strogo-zasticene-vrste-Ilirski-macic-Gladiolus-illyricus-scaled.jpg\" width=\"100%\" \/><img decoding=\"async\" src=\"https:\/\/npkrka.hr\/wp-content\/uploads\/Strogo-zasticene-vrste-Edraianthus-tenuifolius-uskolisno-zvonce-scaled.jpg\" width=\"100%\" \/><img decoding=\"async\" src=\"https:\/\/npkrka.hr\/wp-content\/uploads\/Strogo-zasticene-vrste-Orchis-purpurea-grimizni-kacun-scaled.jpg\" width=\"100%\" \/><img decoding=\"async\" src=\"https:\/\/npkrka.hr\/wp-content\/uploads\/Strogo-zasticene-vrste-Iris-pseudacorus-zuta-perunika-scaled.jpg\" width=\"100%\" \/><img decoding=\"async\" src=\"https:\/\/npkrka.hr\/wp-content\/uploads\/Strogo-zasticene-vrste-jadranska-perunika-Iris-adriatica.jpg\" width=\"100%\" \/><\/div><p>&nbsp;<\/p>\n","protected":false},"excerpt":{"rendered":"<p>Vi\u0161e od sto vrsta i podvrsta zabilje\u017eenih u Parku ima neki od statusa ugro\u017eenosti prema IUCN-u.<\/p>\n","protected":false},"author":1,"featured_media":2906,"parent":156,"menu_order":1,"comment_status":"closed","ping_status":"closed","template":"","meta":{"footnotes":""},"class_list":["post-2905","page","type-page","status-publish","has-post-thumbnail","hentry"],"_links":{"self":[{"href":"https:\/\/npkrka.hr\/hr\/wp-json\/wp\/v2\/pages\/2905","targetHints":{"allow":["GET"]}}],"collection":[{"href":"https:\/\/npkrka.hr\/hr\/wp-json\/wp\/v2\/pages"}],"about":[{"href":"https:\/\/npkrka.hr\/hr\/wp-json\/wp\/v2\/types\/page"}],"author":[{"embeddable":true,"href":"https:\/\/npkrka.hr\/hr\/wp-json\/wp\/v2\/users\/1"}],"replies":[{"embeddable":true,"href":"https:\/\/npkrka.hr\/hr\/wp-json\/wp\/v2\/comments?post=2905"}],"version-history":[{"count":0,"href":"https:\/\/npkrka.hr\/hr\/wp-json\/wp\/v2\/pages\/2905\/revisions"}],"up":[{"embeddable":true,"href":"https:\/\/npkrka.hr\/hr\/wp-json\/wp\/v2\/pages\/156"}],"wp:featuredmedia":[{"embeddable":true,"href":"https:\/\/npkrka.hr\/hr\/wp-json\/wp\/v2\/media\/2906"}],"wp:attachment":[{"href":"https:\/\/npkrka.hr\/hr\/wp-json\/wp\/v2\/media?parent=2905"}],"curies":[{"name":"wp","href":"https:\/\/api.w.org\/{rel}","templated":true}]}}