{"id":1020,"date":"2022-07-02T13:04:57","date_gmt":"2022-07-02T11:04:57","guid":{"rendered":"https:\/\/www.npkrka.hr\/?page_id=1020"},"modified":"2022-07-26T13:11:45","modified_gmt":"2022-07-26T11:11:45","slug":"kamicak","status":"publish","type":"page","link":"https:\/\/npkrka.hr\/hr\/kulturna-bastina\/srednjovjekovne-utvrde\/kamicak\/","title":{"rendered":"Kami\u010dak"},"content":{"rendered":"<p><strong>Slavni Kami\u010dak, podignut na klisuri nad Krkom, nalikuje na orlovo gnijezdo; pretpostavlja se da je u njemu ro\u0111en Petar Sva\u010di\u0107, posljednji hrvatski kralj. <\/strong><\/p>\n<p>Na lijevoj obali rijeke Krke, podno miljeva\u010dkog sela Bri\u0161tana, izme\u0111u oto\u010di\u0107a Visovca i Ro\u0161kog slapa, nalaze se ostatci srednjovjekovne utvrde Kami\u010dak (Kamen\u010di\u0107, Kami\u010dac, od lat. <em>lapillus<\/em>, <em>lapillum<\/em>, \u0161to zna\u010di &#8216;kamen&#8217;), povr\u0161inom najmanje od svih utvrda na Krki i \u010cikoli. Sagra\u0111ena je na nepristupa\u010dnom terenu, na vrhu litice, tako da se do nje mo\u017ee do\u0107i samo kroz uski prolaz uklesan u stijeni. Vizualno se utapa u okolni ambijent. Sa\u010duvani su samo ostatci polukru\u017enog bedema na isto\u010dnoj i pravokutne kule na jugozapadnoj strani utvrde.<\/p>\n<p>Kami\u010dak se u povijesnim izvorima prvi put spominje 1345. godine u ispravi hrvatsko-ugarskog kralja Ludovika. U njoj se potvr\u0111uje da je utvrda ba\u0161tina Ivani\u0161a Nelipi\u0107a, koju mu je darovao, zbog njegovih zasluga, kralj Bela IV. Ivani\u0161 Nelipi\u0107, gospodar Kami\u010dka, Ne\u010dvena i Klju\u010dice, zadnji odvjetak obitelji Nelipi\u0107, sklopio je 1421. godine mir s Venecijom. Budu\u0107i da nije imao mu\u0161kog nasljednika, posinio je svojeg zeta An\u017ea Frankopana i predao mu u nasljedstvo grad, no to nasljedstvo hrvatsko-ugarski kralj Sigismund (\u017digmund) Luksembur\u0161ki kasnije nije priznao. Od 1445. godine Kami\u010dak se nalazio u posjedu Grgura Utje\u0161inovi\u0107a, koji je franjevcima Provincije Bosne Srebrne poklonio oto\u010di\u0107 Visovac. U Kami\u010dku se 1482. godine rodio kardinal Juraj Utje\u0161inovi\u0107, pa se Kami\u010dak naziva i Utje\u0161inovi\u0107a grad. Podno utvrde vjerojatno se nalazilo istoimeno naselje. Fra Petar Ba\u010di\u0107 spominje da su se podno Kami\u010dka sve do 1928. godine nalazili ostatci crkve koju su mje\u0161tani prilikom kr\u010denja vinograda razorili.<\/p>\n<p>Kad su Osmanlije zaposjeli \u010ditavo to podru\u010dje, Kami\u010dak je izgubio zna\u010denje i otada je napu\u0161ten. Turci su ga vjerojatno osvojili, kao i ostala naselja \u0161ibenskoga zale\u0111a, 1522. godine.<\/p>\n<div class=\"fotorama rounded-lg  shadow lblue-bg mt-5   \" data-width=\"100%\" data-ratio=\"16\/10\"  data-nav=\"thumbs\" data-autoplay=\"true\" data-arrows=\"true\" data-transition=\"crossfade\"><img decoding=\"async\" src=\"https:\/\/npkrka.hr\/wp-content\/uploads\/Kamicak-4-scaled.jpg\" width=\"100%\" \/><img decoding=\"async\" src=\"https:\/\/npkrka.hr\/wp-content\/uploads\/Kamicak-10-scaled.jpg\" width=\"100%\" \/><img decoding=\"async\" src=\"https:\/\/npkrka.hr\/wp-content\/uploads\/Kamicak-3-scaled.jpg\" width=\"100%\" \/><img decoding=\"async\" src=\"https:\/\/npkrka.hr\/wp-content\/uploads\/Kamicak-6-scaled.jpg\" width=\"100%\" \/><img decoding=\"async\" src=\"https:\/\/npkrka.hr\/wp-content\/uploads\/Kamicak-5-scaled.jpg\" width=\"100%\" \/><img decoding=\"async\" src=\"https:\/\/npkrka.hr\/wp-content\/uploads\/Kamicak-8-scaled.jpg\" width=\"100%\" \/><img decoding=\"async\" src=\"https:\/\/npkrka.hr\/wp-content\/uploads\/Kamicak-9-1-scaled.jpg\" width=\"100%\" \/><img decoding=\"async\" src=\"https:\/\/npkrka.hr\/wp-content\/uploads\/Kamicak-2-scaled.jpg\" width=\"100%\" \/><img decoding=\"async\" src=\"https:\/\/npkrka.hr\/wp-content\/uploads\/Kamicak-7-scaled.jpg\" width=\"100%\" \/><\/div><p>&nbsp;<\/p>\n<p>\u00a0<\/p>\n","protected":false},"excerpt":{"rendered":"<p>Slavni Kami\u010dak, podignut na klisuri nad Krkom, nalikuje na orlovo gnijezdo; pretpostavlja se da je u njemu ro\u0111en Petar Sva\u010di\u0107, posljednji hrvatski kralj. <\/p>\n","protected":false},"author":1,"featured_media":2209,"parent":182,"menu_order":1,"comment_status":"closed","ping_status":"closed","template":"page-location.php","meta":{"footnotes":""},"class_list":["post-1020","page","type-page","status-publish","has-post-thumbnail","hentry"],"_links":{"self":[{"href":"https:\/\/npkrka.hr\/hr\/wp-json\/wp\/v2\/pages\/1020","targetHints":{"allow":["GET"]}}],"collection":[{"href":"https:\/\/npkrka.hr\/hr\/wp-json\/wp\/v2\/pages"}],"about":[{"href":"https:\/\/npkrka.hr\/hr\/wp-json\/wp\/v2\/types\/page"}],"author":[{"embeddable":true,"href":"https:\/\/npkrka.hr\/hr\/wp-json\/wp\/v2\/users\/1"}],"replies":[{"embeddable":true,"href":"https:\/\/npkrka.hr\/hr\/wp-json\/wp\/v2\/comments?post=1020"}],"version-history":[{"count":0,"href":"https:\/\/npkrka.hr\/hr\/wp-json\/wp\/v2\/pages\/1020\/revisions"}],"up":[{"embeddable":true,"href":"https:\/\/npkrka.hr\/hr\/wp-json\/wp\/v2\/pages\/182"}],"wp:featuredmedia":[{"embeddable":true,"href":"https:\/\/npkrka.hr\/hr\/wp-json\/wp\/v2\/media\/2209"}],"wp:attachment":[{"href":"https:\/\/npkrka.hr\/hr\/wp-json\/wp\/v2\/media?parent=1020"}],"curies":[{"name":"wp","href":"https:\/\/api.w.org\/{rel}","templated":true}]}}